{"id":1476,"date":"2026-04-27T10:25:23","date_gmt":"2026-04-27T10:25:23","guid":{"rendered":"https:\/\/www.mmaluminios.pt\/?page_id=1476"},"modified":"2026-04-27T10:25:36","modified_gmt":"2026-04-27T10:25:36","slug":"door-catalog","status":"publish","type":"page","link":"https:\/\/www.mmaluminios.pt\/en\/door-catalog\/","title":{"rendered":"Door catalog"},"content":{"rendered":"<p>[et_pb_section fb_built=&#8221;1&#8243; _builder_version=&#8221;4.27.0&#8243; _module_preset=&#8221;default&#8221; custom_padding=&#8221;2px||61px|||&#8221; global_colors_info=&#8221;{}&#8221;][et_pb_row _builder_version=&#8221;4.27.4&#8243; _module_preset=&#8221;default&#8221; global_colors_info=&#8221;{}&#8221;][et_pb_column type=&#8221;4_4&#8243; _builder_version=&#8221;4.27.4&#8243; _module_preset=&#8221;default&#8221; global_colors_info=&#8221;{}&#8221;][et_pb_divider show_divider=&#8221;off&#8221; _builder_version=&#8221;4.27.4&#8243; _module_preset=&#8221;default&#8221; global_colors_info=&#8221;{}&#8221;][\/et_pb_divider][\/et_pb_column][\/et_pb_row][et_pb_row _builder_version=&#8221;4.27.0&#8243; _module_preset=&#8221;default&#8221; global_colors_info=&#8221;{}&#8221;][et_pb_column type=&#8221;4_4&#8243; _builder_version=&#8221;4.27.0&#8243; _module_preset=&#8221;default&#8221; global_colors_info=&#8221;{}&#8221;][et_pb_text _builder_version=&#8221;4.27.5&#8243; _module_preset=&#8221;default&#8221; header_text_color=&#8221;#51B1E5&#8243; text_orientation=&#8221;center&#8221; hover_enabled=&#8221;0&#8243; global_colors_info=&#8221;{}&#8221; sticky_enabled=&#8221;0&#8243;]<\/p>\n<h1><strong>CAT\u00c1LOGOS<\/strong><\/h1>\n<h1><strong>CORES<\/strong><\/h1>\n<p>[\/et_pb_text][\/et_pb_column][\/et_pb_row][et_pb_row _builder_version=&#8221;4.27.5&#8243; _module_preset=&#8221;default&#8221; global_colors_info=&#8221;{}&#8221;][et_pb_column type=&#8221;4_4&#8243; _builder_version=&#8221;4.27.5&#8243; _module_preset=&#8221;default&#8221; global_colors_info=&#8221;{}&#8221;][et_pb_text _builder_version=&#8221;4.27.5&#8243; _module_preset=&#8221;default&#8221; hover_enabled=&#8221;0&#8243; global_colors_info=&#8221;{}&#8221; sticky_enabled=&#8221;0&#8243;]<\/p>\n<p>Na altura de escolher as suas janelas, a sele\u00e7\u00e3o das cores \u00e9 um fator muito importante a ter em conta. Embora o branco seja a cor mais solicitada, as novas tend\u00eancias arquitet\u00f3nicas e os desenhos interiores est\u00e3o a fazer com que outras cores sejam escolhidas para as janelas. Com isso em mente, a MMWindow disponibiliza duas paletas distintas para garantir a melhor personaliza\u00e7\u00e3o para as janelas de cada cliente.<\/p>\n<p>Nos sistemas K\u00f6mmerling existe a possibilidade de reproduzir qualquer cor dispon\u00edvel no nosso cat\u00e1logo, nos perfis selecionados com diferentes op\u00e7\u00f5es. Temos dispon\u00edveis diferentes texturas, cores metalizadas e acabamento perfeito em madeira com garantia at\u00e9 10 anos<\/p>\n<p>[\/et_pb_text][\/et_pb_column][\/et_pb_row][et_pb_row column_structure=&#8221;1_3,2_3&#8243; _builder_version=&#8221;4.27.4&#8243; _module_preset=&#8221;default&#8221; global_colors_info=&#8221;{}&#8221;][et_pb_column type=&#8221;1_3&#8243; _builder_version=&#8221;4.27.4&#8243; _module_preset=&#8221;default&#8221; global_colors_info=&#8221;{}&#8221;][et_pb_text _builder_version=&#8221;4.27.5&#8243; _module_preset=&#8221;default&#8221; text_text_color=&#8221;#FFFFFF&#8221; text_line_height=&#8221;1.4em&#8221; header_text_align=&#8221;left&#8221; background_color=&#8221;#b3b3b3&#8243; transform_translate_linked=&#8221;off&#8221; custom_margin=&#8221;|0px|0px|0px|false|false&#8221; custom_padding=&#8221;50px|0px|50px|0px|false|false&#8221; hover_enabled=&#8221;0&#8243; locked=&#8221;off&#8221; global_colors_info=&#8221;{}&#8221; sticky_enabled=&#8221;0&#8243;]<\/p>\n<p style=\"text-align: center;\"><strong>NATURKOLOR76<\/strong><\/p>\n<p style=\"text-align: center;\"><span>Gama de cores e texturas extra\u00eddas da natureza.<\/span><\/p>\n<p style=\"text-align: center;\"><span>Apenas para o sistema K\u00f6mmerling 76<\/span><\/p>\n<p>[\/et_pb_text][\/et_pb_column][et_pb_column type=&#8221;2_3&#8243; _builder_version=&#8221;4.27.4&#8243; _module_preset=&#8221;default&#8221; global_colors_info=&#8221;{}&#8221;][et_pb_code _builder_version=&#8221;4.27.5&#8243; _module_preset=&#8221;default&#8221; width=&#8221;75%&#8221; module_alignment=&#8221;center&#8221; hover_enabled=&#8221;0&#8243; global_colors_info=&#8221;{}&#8221; sticky_enabled=&#8221;0&#8243;]<div class=\"_df_book df-lite\" id=\"df_1481\"  _slug=\"catalogo-naturkolor76\" data-title=\"catalogo-naturkolor76\" wpoptions=\"true\" thumbtype=\"\" ><\/div><script class=\"df-shortcode-script\" nowprocket type=\"application\/javascript\">window.option_df_1481 = {\"outline\":[],\"autoEnableOutline\":\"false\",\"autoEnableThumbnail\":\"false\",\"overwritePDFOutline\":\"false\",\"direction\":\"1\",\"pageSize\":\"0\",\"source\":\"https:\\\/\\\/www.mmaluminios.pt\\\/wp-content\\\/uploads\\\/2026\\\/04\\\/brochura-naturkolor76-pt-2021-kommerling.pdf\",\"wpOptions\":\"true\"}; if(window.DFLIP && window.DFLIP.parseBooks){window.DFLIP.parseBooks();}<\/script>[\/et_pb_code][\/et_pb_column][\/et_pb_row][et_pb_row _builder_version=&#8221;4.27.4&#8243; _module_preset=&#8221;default&#8221; global_colors_info=&#8221;{}&#8221;][et_pb_column type=&#8221;4_4&#8243; _builder_version=&#8221;4.27.4&#8243; _module_preset=&#8221;default&#8221; global_colors_info=&#8221;{}&#8221;][et_pb_divider show_divider=&#8221;off&#8221; _builder_version=&#8221;4.27.4&#8243; _module_preset=&#8221;default&#8221; global_colors_info=&#8221;{}&#8221;][\/et_pb_divider][\/et_pb_column][\/et_pb_row][\/et_pb_section]<\/p>\n","protected":false},"excerpt":{"rendered":"<p>CAT\u00c1LOGOS CORES Na altura de escolher as suas janelas, a sele\u00e7\u00e3o das cores \u00e9 um fator muito importante a ter em conta. Embora o branco seja a cor mais solicitada, as novas tend\u00eancias arquitet\u00f3nicas e os desenhos interiores est\u00e3o a fazer com que outras cores sejam escolhidas para as janelas. Com isso em mente, a [&hellip;]<\/p>\n","protected":false},"author":2,"featured_media":0,"parent":0,"menu_order":0,"comment_status":"closed","ping_status":"closed","template":"","meta":{"_et_pb_use_builder":"on","_et_pb_old_content":"","_et_gb_content_width":"","footnotes":""},"class_list":["post-1476","page","type-page","status-publish","hentry"],"yoast_head":"<!-- This site is optimized with the Yoast SEO plugin v27.3 - https:\/\/yoast.com\/product\/yoast-seo-wordpress\/ -->\n<title>Catalogs - PVC Doors | MMAlum\u00ednios<\/title>\n<meta name=\"description\" content=\"MMAlum\u00ednios offers a wide range of PVC doors adaptable to any project and property. Consult our catalogs.\" \/>\n<meta name=\"robots\" content=\"index, follow, max-snippet:-1, max-image-preview:large, max-video-preview:-1\" \/>\n<link rel=\"canonical\" href=\"https:\/\/www.mmaluminios.pt\/catalogo-cores\/\" \/>\n<meta property=\"og:locale\" content=\"en_US\" \/>\n<meta property=\"og:type\" content=\"article\" \/>\n<meta property=\"og:title\" content=\"Catalogs - PVC Doors | MMAlum\u00ednios\" \/>\n<meta property=\"og:description\" content=\"MMAlum\u00ednios offers a wide range of PVC doors adaptable to any project and property. Consult our catalogs.\" \/>\n<meta property=\"og:url\" content=\"https:\/\/www.mmaluminios.pt\/catalogo-cores\/\" \/>\n<meta property=\"og:site_name\" content=\"MMAluminios\" \/>\n<meta property=\"article:publisher\" content=\"https:\/\/www.facebook.com\/janelas.mmaluminios\" \/>\n<meta property=\"article:modified_time\" content=\"2026-04-27T10:25:36+00:00\" \/>\n<meta name=\"twitter:card\" content=\"summary_large_image\" \/>\n<meta name=\"twitter:label1\" content=\"Est. reading time\" \/>\n\t<meta name=\"twitter:data1\" content=\"2 minutes\" \/>\n<script type=\"application\/ld+json\" class=\"yoast-schema-graph\">{\"@context\":\"https:\\\/\\\/schema.org\",\"@graph\":[{\"@type\":\"WebPage\",\"@id\":\"https:\\\/\\\/www.mmaluminios.pt\\\/catalogo-cores\\\/\",\"url\":\"https:\\\/\\\/www.mmaluminios.pt\\\/catalogo-cores\\\/\",\"name\":\"Catalogs - PVC Doors | MMAlum\u00ednios\",\"isPartOf\":{\"@id\":\"https:\\\/\\\/www.mmaluminios.pt\\\/#website\"},\"datePublished\":\"2026-04-27T10:25:23+00:00\",\"dateModified\":\"2026-04-27T10:25:36+00:00\",\"description\":\"MMAlum\u00ednios offers a wide range of PVC doors adaptable to any project and property. Consult our catalogs.\",\"breadcrumb\":{\"@id\":\"https:\\\/\\\/www.mmaluminios.pt\\\/catalogo-cores\\\/#breadcrumb\"},\"inLanguage\":\"en-US\",\"potentialAction\":[{\"@type\":\"ReadAction\",\"target\":[\"https:\\\/\\\/www.mmaluminios.pt\\\/catalogo-cores\\\/\"]}]},{\"@type\":\"BreadcrumbList\",\"@id\":\"https:\\\/\\\/www.mmaluminios.pt\\\/catalogo-cores\\\/#breadcrumb\",\"itemListElement\":[{\"@type\":\"ListItem\",\"position\":1,\"name\":\"In\u00edcio\",\"item\":\"https:\\\/\\\/www.mmaluminios.pt\\\/en\\\/home\\\/\"},{\"@type\":\"ListItem\",\"position\":2,\"name\":\"Door catalog\"}]},{\"@type\":\"WebSite\",\"@id\":\"https:\\\/\\\/www.mmaluminios.pt\\\/#website\",\"url\":\"https:\\\/\\\/www.mmaluminios.pt\\\/\",\"name\":\"MMAluminios\",\"description\":\"MMAluminios\",\"publisher\":{\"@id\":\"https:\\\/\\\/www.mmaluminios.pt\\\/#organization\"},\"potentialAction\":[{\"@type\":\"SearchAction\",\"target\":{\"@type\":\"EntryPoint\",\"urlTemplate\":\"https:\\\/\\\/www.mmaluminios.pt\\\/?s={search_term_string}\"},\"query-input\":{\"@type\":\"PropertyValueSpecification\",\"valueRequired\":true,\"valueName\":\"search_term_string\"}}],\"inLanguage\":\"en-US\"},{\"@type\":\"Organization\",\"@id\":\"https:\\\/\\\/www.mmaluminios.pt\\\/#organization\",\"name\":\"MMAluminios\",\"url\":\"https:\\\/\\\/www.mmaluminios.pt\\\/\",\"logo\":{\"@type\":\"ImageObject\",\"inLanguage\":\"en-US\",\"@id\":\"https:\\\/\\\/www.mmaluminios.pt\\\/#\\\/schema\\\/logo\\\/image\\\/\",\"url\":\"https:\\\/\\\/www.mmaluminios.pt\\\/wp-content\\\/uploads\\\/2026\\\/01\\\/Sem-titulo-1.png\",\"contentUrl\":\"https:\\\/\\\/www.mmaluminios.pt\\\/wp-content\\\/uploads\\\/2026\\\/01\\\/Sem-titulo-1.png\",\"width\":1091,\"height\":240,\"caption\":\"MMAluminios\"},\"image\":{\"@id\":\"https:\\\/\\\/www.mmaluminios.pt\\\/#\\\/schema\\\/logo\\\/image\\\/\"},\"sameAs\":[\"https:\\\/\\\/www.facebook.com\\\/janelas.mmaluminios\",\"https:\\\/\\\/www.instagram.com\\\/mmaluminios.janelas\\\/\",\"https:\\\/\\\/www.linkedin.com\\\/company\\\/empresa-mmalumnios\"]}]}<\/script>\n<!-- \/ Yoast SEO plugin. -->","yoast_head_json":{"title":"Catalogs - PVC Doors | MMAlum\u00ednios","description":"MMAlum\u00ednios offers a wide range of PVC doors adaptable to any project and property. Consult our catalogs.","robots":{"index":"index","follow":"follow","max-snippet":"max-snippet:-1","max-image-preview":"max-image-preview:large","max-video-preview":"max-video-preview:-1"},"canonical":"https:\/\/www.mmaluminios.pt\/catalogo-cores\/","og_locale":"en_US","og_type":"article","og_title":"Catalogs - PVC Doors | MMAlum\u00ednios","og_description":"MMAlum\u00ednios offers a wide range of PVC doors adaptable to any project and property. Consult our catalogs.","og_url":"https:\/\/www.mmaluminios.pt\/catalogo-cores\/","og_site_name":"MMAluminios","article_publisher":"https:\/\/www.facebook.com\/janelas.mmaluminios","article_modified_time":"2026-04-27T10:25:36+00:00","twitter_card":"summary_large_image","twitter_misc":{"Est. reading time":"2 minutes"},"schema":{"@context":"https:\/\/schema.org","@graph":[{"@type":"WebPage","@id":"https:\/\/www.mmaluminios.pt\/catalogo-cores\/","url":"https:\/\/www.mmaluminios.pt\/catalogo-cores\/","name":"Catalogs - PVC Doors | MMAlum\u00ednios","isPartOf":{"@id":"https:\/\/www.mmaluminios.pt\/#website"},"datePublished":"2026-04-27T10:25:23+00:00","dateModified":"2026-04-27T10:25:36+00:00","description":"MMAlum\u00ednios offers a wide range of PVC doors adaptable to any project and property. Consult our catalogs.","breadcrumb":{"@id":"https:\/\/www.mmaluminios.pt\/catalogo-cores\/#breadcrumb"},"inLanguage":"en-US","potentialAction":[{"@type":"ReadAction","target":["https:\/\/www.mmaluminios.pt\/catalogo-cores\/"]}]},{"@type":"BreadcrumbList","@id":"https:\/\/www.mmaluminios.pt\/catalogo-cores\/#breadcrumb","itemListElement":[{"@type":"ListItem","position":1,"name":"In\u00edcio","item":"https:\/\/www.mmaluminios.pt\/en\/home\/"},{"@type":"ListItem","position":2,"name":"Door catalog"}]},{"@type":"WebSite","@id":"https:\/\/www.mmaluminios.pt\/#website","url":"https:\/\/www.mmaluminios.pt\/","name":"MMAluminios","description":"MMAluminios","publisher":{"@id":"https:\/\/www.mmaluminios.pt\/#organization"},"potentialAction":[{"@type":"SearchAction","target":{"@type":"EntryPoint","urlTemplate":"https:\/\/www.mmaluminios.pt\/?s={search_term_string}"},"query-input":{"@type":"PropertyValueSpecification","valueRequired":true,"valueName":"search_term_string"}}],"inLanguage":"en-US"},{"@type":"Organization","@id":"https:\/\/www.mmaluminios.pt\/#organization","name":"MMAluminios","url":"https:\/\/www.mmaluminios.pt\/","logo":{"@type":"ImageObject","inLanguage":"en-US","@id":"https:\/\/www.mmaluminios.pt\/#\/schema\/logo\/image\/","url":"https:\/\/www.mmaluminios.pt\/wp-content\/uploads\/2026\/01\/Sem-titulo-1.png","contentUrl":"https:\/\/www.mmaluminios.pt\/wp-content\/uploads\/2026\/01\/Sem-titulo-1.png","width":1091,"height":240,"caption":"MMAluminios"},"image":{"@id":"https:\/\/www.mmaluminios.pt\/#\/schema\/logo\/image\/"},"sameAs":["https:\/\/www.facebook.com\/janelas.mmaluminios","https:\/\/www.instagram.com\/mmaluminios.janelas\/","https:\/\/www.linkedin.com\/company\/empresa-mmalumnios"]}]}},"_links":{"self":[{"href":"https:\/\/www.mmaluminios.pt\/en\/wp-json\/wp\/v2\/pages\/1476","targetHints":{"allow":["GET"]}}],"collection":[{"href":"https:\/\/www.mmaluminios.pt\/en\/wp-json\/wp\/v2\/pages"}],"about":[{"href":"https:\/\/www.mmaluminios.pt\/en\/wp-json\/wp\/v2\/types\/page"}],"author":[{"embeddable":true,"href":"https:\/\/www.mmaluminios.pt\/en\/wp-json\/wp\/v2\/users\/2"}],"replies":[{"embeddable":true,"href":"https:\/\/www.mmaluminios.pt\/en\/wp-json\/wp\/v2\/comments?post=1476"}],"version-history":[{"count":3,"href":"https:\/\/www.mmaluminios.pt\/en\/wp-json\/wp\/v2\/pages\/1476\/revisions"}],"predecessor-version":[{"id":1488,"href":"https:\/\/www.mmaluminios.pt\/en\/wp-json\/wp\/v2\/pages\/1476\/revisions\/1488"}],"wp:attachment":[{"href":"https:\/\/www.mmaluminios.pt\/en\/wp-json\/wp\/v2\/media?parent=1476"}],"curies":[{"name":"wp","href":"https:\/\/api.w.org\/{rel}","templated":true}]}}